{"id":678,"date":"2024-11-19T14:12:13","date_gmt":"2024-11-19T14:12:13","guid":{"rendered":"https:\/\/2025.lycee-nelson-mandela.fr\/?page_id=678"},"modified":"2026-03-24T12:48:30","modified_gmt":"2026-03-24T12:48:30","slug":"erasmus","status":"publish","type":"page","link":"https:\/\/2025.lycee-nelson-mandela.fr\/?page_id=678","title":{"rendered":"ERASMUS"},"content":{"rendered":"<div class=\"\" style=\"\" >\n    \n    <section class=\"u-clearfix u-section-2\" id=\"block-8\">\n      <div class=\"u-clearfix u-sheet u-sheet-1\">\n        <h4 class=\"u-text u-text-default u-text-1\"> &#x1f30d; <b>ERASMUS au lyc\u00e9e\nNelson Mandela : une ouverture sur le monde<\/b>\n        <\/h4>\n        <p class=\"u-text u-text-2\"> Depuis plusieurs ann\u00e9es, le lyc\u00e9e Nelson Mandela affirme sa\nvolont\u00e9 de s\u2019ouvrir \u00e0 l\u2019international. Chaque ann\u00e9e, de nombreux \u00e9l\u00e8ves de\nterminale ont ainsi l\u2019opportunit\u00e9 d\u2019effectuer un stage \u00e0 l\u2019\u00e9tranger. Cette\nexp\u00e9rience leur permet de d\u00e9couvrir une nouvelle culture, d\u2019enrichir leurs\ncomp\u00e9tences professionnelles et d\u2019am\u00e9liorer leur ma\u00eetrise des langues\n\u00e9trang\u00e8res.\nExemple de texte. Cliquez pour s\u00e9lectionner l'\u00e9l\u00e9ment de texte.<\/p>\n        <div class=\"u-accordion u-expanded-width u-accordion-1\" role=\"tablist\">\n          <div class=\"u-accordion-item\">\n            <a class=\"active u-accordion-link u-button-style u-accordion-link-1\" id=\"link-f295\" aria-controls=\"f295\" aria-selected=\"true\" role=\"tab\"><span class=\"u-accordion-link-text\"> &#x1f30d; <b>ERASMUS au lyc\u00e9e\nNelson Mandela : une ouverture sur le monde<\/b><\/span><span class=\"u-accordion-link-icon u-icon u-icon-rounded u-palette-1-base u-text-white u-icon-1\"><svg class=\"u-svg-link\" preserveAspectRatio=\"xMidYMin slice\" viewBox=\"0 0 16 16\" style=\"\"><use xlink:href=\"#svg-9560\"><\/use><\/svg><svg class=\"u-svg-content\" viewBox=\"0 0 16 16\" x=\"0px\" y=\"0px\" id=\"svg-9560\"><path d=\"M8,10.7L1.6,5.3c-0.4-0.4-1-0.4-1.3,0c-0.4,0.4-0.4,0.9,0,1.3l7.2,6.1c0.1,0.1,0.4,0.2,0.6,0.2s0.4-0.1,0.6-0.2l7.1-6\n\tc0.4-0.4,0.4-0.9,0-1.3c-0.4-0.4-1-0.4-1.3,0L8,10.7z\"><\/path><\/svg><\/span>\n            <\/a>\n            <div class=\"u-accordion-active u-accordion-pane u-container-style u-accordion-pane-1\" id=\"f295\" aria-labelledby=\"link-f295\" role=\"tabpanel\">\n              <div class=\"u-container-layout u-container-layout-1\">\n                <p class=\"u-text u-text-3\"> Depuis plusieurs ann\u00e9es, le lyc\u00e9e Nelson Mandela affirme sa\nvolont\u00e9 de s\u2019ouvrir \u00e0 l\u2019international. Chaque ann\u00e9e, de nombreux \u00e9l\u00e8ves de\nterminale ont ainsi l\u2019opportunit\u00e9 d\u2019effectuer un stage \u00e0 l\u2019\u00e9tranger. Cette\nexp\u00e9rience leur permet de d\u00e9couvrir une nouvelle culture, d\u2019enrichir leurs\ncomp\u00e9tences professionnelles et d\u2019am\u00e9liorer leur ma\u00eetrise des langues\n\u00e9trang\u00e8res.\nExemple de texte. Cliquez pour s\u00e9lectionner l'\u00e9l\u00e9ment de texte.<\/p>\n              <\/div>\n            <\/div>\n          <\/div>\n          <div class=\"u-accordion-item\">\n            <a class=\"u-accordion-link u-button-style u-accordion-link-2\" id=\"link-ca66\" aria-controls=\"ca66\" aria-selected=\"false\" role=\"tab\"><span class=\"u-accordion-link-text\"> Selon la fili\u00e8re, diff\u00e9rentes destinations sont propos\u00e9es :<\/span><span class=\"u-accordion-link-icon u-icon u-icon-rounded u-palette-1-base u-text-white u-icon-2\"><svg class=\"u-svg-link\" preserveAspectRatio=\"xMidYMin slice\" viewBox=\"0 0 16 16\" style=\"\"><use xlink:href=\"#svg-0657\"><\/use><\/svg><svg class=\"u-svg-content\" viewBox=\"0 0 16 16\" x=\"0px\" y=\"0px\" id=\"svg-0657\"><path d=\"M8,10.7L1.6,5.3c-0.4-0.4-1-0.4-1.3,0c-0.4,0.4-0.4,0.9,0,1.3l7.2,6.1c0.1,0.1,0.4,0.2,0.6,0.2s0.4-0.1,0.6-0.2l7.1-6\n\tc0.4-0.4,0.4-0.9,0-1.3c-0.4-0.4-1-0.4-1.3,0L8,10.7z\"><\/path><\/svg><\/span>\n            <\/a>\n            <div class=\"u-accordion-pane u-container-style u-accordion-pane-2\" id=\"ca66\" aria-labelledby=\"link-ca66\" role=\"tabpanel\">\n              <div class=\"u-container-layout u-container-layout-2\">\n                <p class=\"u-text u-text-4\"> Selon la fili\u00e8re, diff\u00e9rentes destinations sont propos\u00e9es :<br> &#x1f527; <b>Maintenance, \u00c9lectrotechnique,\nPlasturgie<\/b> \u2192 Portugal<br> &#x1f6cd;&#xfe0f; <b>Commerce<\/b> \u2192 Irlande ou Espagne<br> &#x1f9fc; <b>Hygi\u00e8ne-Propret\u00e9-St\u00e9rilisation<\/b> \u2192 Irlande<br> &#x1f374; <b>H\u00f4tellerie-Restauration<\/b> \u2192 Finlande,\nMalte, Luxembourg ou Irlande&nbsp;&nbsp;\n                <\/p>\n              <\/div>\n            <\/div>\n          <\/div>\n          <div class=\"u-accordion-item\">\n            <a class=\"u-accordion-link u-button-style u-accordion-link-3\" id=\"link-43f6\" aria-controls=\"43f6\" aria-selected=\"false\" role=\"tab\"><span class=\"u-accordion-link-text\">Dur\u00e9e du stage<\/span><span class=\"u-accordion-link-icon u-icon u-icon-rounded u-palette-1-base u-text-white u-icon-3\"><svg class=\"u-svg-link\" preserveAspectRatio=\"xMidYMin slice\" viewBox=\"0 0 16 16\" style=\"\"><use xlink:href=\"#svg-c5e2\"><\/use><\/svg><svg class=\"u-svg-content\" viewBox=\"0 0 16 16\" x=\"0px\" y=\"0px\" id=\"svg-c5e2\"><path d=\"M8,10.7L1.6,5.3c-0.4-0.4-1-0.4-1.3,0c-0.4,0.4-0.4,0.9,0,1.3l7.2,6.1c0.1,0.1,0.4,0.2,0.6,0.2s0.4-0.1,0.6-0.2l7.1-6\n\tc0.4-0.4,0.4-0.9,0-1.3c-0.4-0.4-1-0.4-1.3,0L8,10.7z\"><\/path><\/svg><\/span>\n            <\/a>\n            <div class=\"u-accordion-pane u-container-style u-accordion-pane-3\" id=\"43f6\" aria-labelledby=\"link-43f6\" role=\"tabpanel\">\n              <div class=\"u-container-layout u-container-layout-3\">\n                <p class=\"u-text u-text-5\"> Les stages, d\u2019une dur\u00e9e de <b>4 \u00e0 6 semaines<\/b>, offrent\naux \u00e9l\u00e8ves le temps n\u00e9cessaire pour progresser, gagner en autonomie et vivre\nune exp\u00e9rience marquante.&nbsp;<br>L\u2019accompagnement p\u00e9dagogique est assur\u00e9 tout au long du\ns\u00e9jour :&nbsp;<br><b>Au d\u00e9part<\/b>, les enseignants accompagnent les \u00e9l\u00e8ves,\nles installent dans leurs h\u00e9bergements et en entreprise.&nbsp;<br><b>Au retour<\/b>, ils les r\u00e9cup\u00e8rent et proc\u00e8dent \u00e0\nl\u2019\u00e9valuation finale du stage.&nbsp;&nbsp;\n                <\/p>\n              <\/div>\n            <\/div>\n          <\/div>\n          <div class=\"u-accordion-item\">\n            <a class=\"u-accordion-link u-button-style u-accordion-link-4\" id=\"link-b086\" role=\"tab\" aria-controls=\"b086\" aria-selected=\"false\"><span class=\"u-accordion-link-text\">Condition de d\u00e9part<br><\/span><span class=\"u-accordion-link-icon u-icon u-icon-rounded u-palette-1-base u-text-white u-icon-4\"><svg class=\"u-svg-link\" preserveAspectRatio=\"xMidYMin slice\" viewBox=\"0 0 16 16\" style=\"\"><use xlink:href=\"#svg-bc18\"><\/use><\/svg><svg class=\"u-svg-content\" viewBox=\"0 0 16 16\" x=\"0px\" y=\"0px\" id=\"svg-bc18\"><path d=\"M8,10.7L1.6,5.3c-0.4-0.4-1-0.4-1.3,0c-0.4,0.4-0.4,0.9,0,1.3l7.2,6.1c0.1,0.1,0.4,0.2,0.6,0.2s0.4-0.1,0.6-0.2l7.1-6\n\tc0.4-0.4,0.4-0.9,0-1.3c-0.4-0.4-1-0.4-1.3,0L8,10.7z\"><\/path><\/svg><\/span>\n            <\/a>\n            <div class=\"u-accordion-pane u-container-style u-accordion-pane-4\" id=\"b086\" role=\"tabpanel\" aria-labelledby=\"link-b086\">\n              <div class=\"u-container-layout u-container-layout-4\">\n                <p class=\"u-text u-text-default u-text-6\"> La participation est soumise \u00e0 une s\u00e9lection bas\u00e9e sur le s\u00e9rieux,\nl\u2019implication, le comportement et les r\u00e9sultats scolaires. Le conseil de\ndirection \u00e9tudie l\u2019ensemble des candidatures.&nbsp;Exemple de texte. Cliquez pour s\u00e9lectionner l'\u00e9l\u00e9ment de texte.<\/p>\n              <\/div>\n            <\/div>\n          <\/div>\n          <div class=\"u-accordion-item\">\n            <a class=\"u-accordion-link u-button-style u-accordion-link-5\" id=\"link-a181\" role=\"tab\" aria-controls=\"a181\" aria-selected=\"false\"><span class=\"u-accordion-link-text\"> Un dispositif\nenti\u00e8rement financ\u00e9<\/span><span class=\"u-accordion-link-icon u-icon u-icon-rounded u-palette-1-base u-text-white u-icon-5\"><svg class=\"u-svg-link\" preserveAspectRatio=\"xMidYMin slice\" viewBox=\"0 0 16 16\" style=\"\"><use xlink:href=\"#svg-ec75\"><\/use><\/svg><svg class=\"u-svg-content\" viewBox=\"0 0 16 16\" x=\"0px\" y=\"0px\" id=\"svg-ec75\"><path d=\"M8,10.7L1.6,5.3c-0.4-0.4-1-0.4-1.3,0c-0.4,0.4-0.4,0.9,0,1.3l7.2,6.1c0.1,0.1,0.4,0.2,0.6,0.2s0.4-0.1,0.6-0.2l7.1-6\n\tc0.4-0.4,0.4-0.9,0-1.3c-0.4-0.4-1-0.4-1.3,0L8,10.7z\"><\/path><\/svg><\/span>\n            <\/a>\n            <div class=\"u-accordion-pane u-container-style u-accordion-pane-5\" id=\"a181\" role=\"tabpanel\" aria-labelledby=\"link-a181\">\n              <div class=\"u-container-layout u-container-layout-5\">\n                <p class=\"u-text u-text-default u-text-7\"> Les mobilit\u00e9s sont prises en charge par Erasmus+ et par l\u2019\u00e9tablissement : aucun\nco\u00fbt n\u2019est demand\u00e9 aux familles.&nbsp;Exemple de texte. Cliquez pour s\u00e9lectionner l'\u00e9l\u00e9ment de texte.<\/p>\n              <\/div>\n            <\/div>\n          <\/div>\n          <div class=\"u-accordion-item\">\n            <a class=\"u-accordion-link u-button-style u-accordion-link-6\" id=\"link-4a46\" role=\"tab\" aria-controls=\"4a46\" aria-selected=\"false\"><span class=\"u-accordion-link-text\"> H\u00e9bergement<\/span><span class=\"u-accordion-link-icon u-icon u-icon-rounded u-palette-1-base u-text-white u-icon-6\"><svg class=\"u-svg-link\" preserveAspectRatio=\"xMidYMin slice\" viewBox=\"0 0 16 16\" style=\"\"><use xlink:href=\"#svg-8a8e\"><\/use><\/svg><svg class=\"u-svg-content\" viewBox=\"0 0 16 16\" x=\"0px\" y=\"0px\" id=\"svg-8a8e\"><path d=\"M8,10.7L1.6,5.3c-0.4-0.4-1-0.4-1.3,0c-0.4,0.4-0.4,0.9,0,1.3l7.2,6.1c0.1,0.1,0.4,0.2,0.6,0.2s0.4-0.1,0.6-0.2l7.1-6\n\tc0.4-0.4,0.4-0.9,0-1.3c-0.4-0.4-1-0.4-1.3,0L8,10.7z\"><\/path><\/svg><\/span>\n            <\/a>\n            <div class=\"u-accordion-pane u-container-style u-accordion-pane-6\" id=\"4a46\" role=\"tabpanel\" aria-labelledby=\"link-4a46\">\n              <div class=\"u-container-layout u-container-layout-6\">\n                <p class=\"u-text u-text-default u-text-8\"> Les \u00e9l\u00e8ves sont log\u00e9s en famille d\u2019accueil (par bin\u00f4mes ou trin\u00f4mes) ou en\nauberge, favorisant une immersion totale dans la culture du pays d\u2019accueil.&nbsp;&nbsp;Exemple de texte. Cliquez pour s\u00e9lectionner l'\u00e9l\u00e9ment de texte.<\/p>\n              <\/div>\n            <\/div>\n          <\/div>\n        <\/div>\n      <\/div>\n    <\/section>\n    <section class=\"u-clearfix u-section-3\" id=\"block-1\">\n      <div class=\"u-clearfix u-sheet u-valign-middle-lg u-valign-middle-md u-valign-middle-sm u-valign-middle-xs u-sheet-1\">\n        <p class=\"u-text u-text-1\"> Vivre une exp\u00e9rience enrichissante, gagner en autonomie et\nrevenir avec de nouveaux horizons : avec le lyc\u00e9e Nelson Mandela et le\nprogramme Erasmus+, cette ambition devient r\u00e9alit\u00e9.&nbsp;<br>\n        <\/p>\n        <p class=\"u-text u-text-2\">Pour en savoir plus sur le programme Erasmus en Bourgogne Franche comt\u00e9 :&nbsp;<a href=\"https:\/\/www.erasmusbfc.org\/\" class=\"u-btn u-button-link u-button-style u-text-custom-color-20 u-btn-1\" target=\"_blank\">https:\/\/www.erasmusbfc.org\/&nbsp;<\/a>\n        <\/p>\n      <\/div>\n    <\/section>\n    <section class=\"u-align-center u-clearfix u-container-align-center u-section-4\" id=\"sec-7a3a\">\n      <div class=\"u-clearfix u-sheet u-valign-middle-lg u-valign-middle-md u-valign-middle-sm u-valign-middle-xs u-sheet-1\">\n        <h2 class=\"u-text u-text-default u-text-1\">Les mobilit\u00e9s au fils des ans<\/h2>\n        <div class=\"u-expanded-width u-tab-links-align-justify u-tabs u-tabs-1\">\n          <ul class=\"u-tab-list u-unstyled\" role=\"tablist\"><li class=\"u-tab-item\" role=\"presentation\"><a class=\"active u-button-style u-tab-link u-text-active-palette-1-base u-tab-link-1\" id=\"link-tab-ea7b\" href=\"#tab-ea7b\" role=\"tab\" aria-controls=\"tab-ea7b\" aria-selected=\"true\">2024-2025<br>\n<\/a>\n<\/li><li class=\"u-tab-item\" role=\"presentation\"><a class=\"u-button-style u-tab-link u-text-active-palette-1-base u-tab-link-2\" id=\"link-tab-2092\" href=\"#tab-2092\" role=\"tab\" aria-controls=\"tab-2092\" aria-selected=\"false\">2025-2026<br>\n<\/a>\n<\/li><\/ul>\n          <div class=\"u-tab-content\">\n            <div class=\"u-container-style u-tab-active u-tab-pane\" id=\"tab-ea7b\" role=\"tabpanel\" aria-labelledby=\"link-tab-ea7b\">\n              <div class=\"u-container-layout u-container-layout-1\">\n                <div class=\"u-expanded-width u-list u-list-1\">\n                  <div class=\"u-repeater u-repeater-1\">\n                    <div class=\"u-align-center u-container-align-center u-container-style u-list-item u-repeater-item\">\n                      <div class=\"u-container-layout u-similar-container u-container-layout-2\">\n                        <h2 class=\"u-align-center u-text u-text-2\">Nombre de mobilit\u00e9s D'\u00e9l\u00e8ves<\/h2>\n                        <h3 class=\"u-align-center u-text u-text-default u-text-3\" data-animation-name=\"counter\" data-animation-event=\"scroll\" data-animation-duration=\"3000\">48<\/h3>\n                      <\/div>\n                    <\/div>\n                    <div class=\"u-align-center u-container-style u-list-item u-repeater-item\">\n                      <div class=\"u-container-layout u-similar-container u-container-layout-3\">\n                        <h2 class=\"u-align-center u-text u-text-4\">Nombre de pays<\/h2>\n                        <h3 class=\"u-align-center u-text u-text-default u-text-5\" data-animation-name=\"counter\" data-animation-event=\"scroll\" data-animation-duration=\"3000\">7<\/h3>\n                      <\/div>\n                    <\/div>\n                  <\/div>\n                <\/div>\n              <\/div>\n            <\/div>\n            <div class=\"u-container-style u-tab-pane\" id=\"tab-2092\" role=\"tabpanel\" aria-labelledby=\"link-tab-2092\">\n              <div class=\"u-container-layout u-container-layout-4\">\n                <div class=\"u-expanded-width u-list u-list-2\">\n                  <div class=\"u-repeater u-repeater-2\">\n                    <div class=\"u-align-center u-container-align-center u-container-style u-list-item u-repeater-item\">\n                      <div class=\"u-container-layout u-similar-container u-container-layout-5\">\n                        <h2 class=\"u-align-center u-text u-text-6\">Nombre de mobilit\u00e9s D'\u00e9l\u00e8ves<\/h2>\n                        <h3 class=\"u-align-center u-text u-text-default u-text-7\" data-animation-name=\"counter\" data-animation-event=\"scroll\" data-animation-duration=\"3000\">54<\/h3>\n                      <\/div>\n                    <\/div>\n                    <div class=\"u-align-center u-container-align-center u-container-style u-list-item u-repeater-item\">\n                      <div class=\"u-container-layout u-similar-container u-container-layout-6\">\n                        <h2 class=\"u-align-center u-text u-text-8\">Nombre de pays<\/h2>\n                        <h3 class=\"u-align-center u-text u-text-default u-text-9\" data-animation-name=\"counter\" data-animation-event=\"scroll\" data-animation-duration=\"3000\">7<\/h3>\n                      <\/div>\n                    <\/div>\n                  <\/div>\n                <\/div>\n              <\/div>\n            <\/div>\n          <\/div>\n        <\/div>\n      <\/div>\n    <\/section>\n    <section class=\"u-clearfix u-section-5\" id=\"block-7\">\n      <div class=\"u-clearfix u-sheet u-sheet-1\">\n        <div class=\"fr-view u-clearfix u-rich-text u-text u-text-1\">\n          <h1>Charte ECHE du Lyc\u00e9e Nelson MANDELA&nbsp;<\/h1>\n          <p>Ci-dessous la charte ECHE de notre \u00e9tablissement : cliquez sur le bouton pour la t\u00e9l\u00e9charger<\/p>\n        <\/div>\n        <a href=\"https:\/\/2025.lycee-nelson-mandela.fr\/wp-content\/uploads\/2026\/03\/Tpl_ApplicationFormECHEMANDELA.pdf\" class=\"u-align-center-md u-align-center-sm u-align-center-xs u-btn u-btn-round u-button-style u-file-link u-hover-palette-1-light-1 u-palette-1-base u-radius u-btn-1\" target=\"_blank\">CHarte ECHe du lyc\u00e9e nelson MANDELA<\/a>\n        <div class=\"u-clearfix u-custom-html u-expanded-width u-custom-html-1\">\n          <div style=\"width:100%; max-width:100%; overflow:hidden;\">\n            <embed src=\"https:\/\/2025.lycee-nelson-mandela.fr\/wp-content\/uploads\/2026\/03\/Tpl_ApplicationFormECHEMANDELA.pdf\" type=\"application\/pdf\" width=\"100%\" height=\"600px\">\n          <\/div>\n        <\/div>\n      <\/div>\n    <\/section>\n    <section class=\"u-clearfix u-section-6\" id=\"block-6\">\n      <div class=\"u-clearfix u-sheet u-valign-top-xl u-sheet-1\">\n        <img decoding=\"async\" class=\"u-expanded-width u-image u-image-contain u-image-1\" src=\"https:\/\/2025.lycee-nelson-mandela.fr\/wp-content\/uploads\/2026\/03\/erasmus2-1.jpg\" data-image-width=\"723\" data-image-height=\"672\">\n      <\/div>\n    <\/section>\n    <section class=\"u-clearfix u-image u-section-7\" id=\"block-5\" data-image-width=\"1384\" data-image-height=\"979\" style=\"background-image: url(&quot;https:\/\/2025.lycee-nelson-mandela.fr\/wp-content\/uploads\/2026\/03\/erasmus1.jpg&quot;);\">\n      <div class=\"u-clearfix u-sheet u-sheet-1\"><\/div>\n    <\/section>\n    <section class=\"u-clearfix u-container-align-center u-section-8\" id=\"sec-00b8\">\n      <div class=\"u-clearfix u-sheet u-valign-middle u-sheet-1\">\n        <div class=\"u-expanded-width u-list u-list-1\">\n          <div class=\"u-repeater u-repeater-1\">\n            <div class=\"u-container-align-left u-container-style u-list-item u-repeater-item\">\n              <div class=\"u-container-layout u-similar-container u-valign-bottom-lg u-valign-bottom-xl u-container-layout-1\">\n                <img decoding=\"async\" class=\"u-expanded-width u-image u-image-contain u-image-1\" src=\"https:\/\/2025.lycee-nelson-mandela.fr\/wp-content\/uploads\/2024\/11\/Logo_erasmus.png\" data-image-width=\"844\" data-image-height=\"180\">\n              <\/div>\n            <\/div>\n            <div class=\"u-container-style u-list-item u-repeater-item\">\n              <div class=\"u-container-layout u-similar-container u-valign-bottom-lg u-valign-bottom-xl u-container-layout-2\">\n                <img decoding=\"async\" class=\"u-expanded-width u-image u-image-contain u-image-2\" src=\"https:\/\/2025.lycee-nelson-mandela.fr\/wp-content\/uploads\/2024\/11\/Logo_erasmus_MFR.png\" data-image-width=\"1042\" data-image-height=\"180\" data-href=\"https:\/\/www.erasmusbfc.org\/\" data-target=\"_blank\">\n              <\/div>\n            <\/div>\n            <div class=\"u-container-style u-list-item u-repeater-item\">\n              <div class=\"u-container-layout u-similar-container u-valign-bottom-lg u-valign-bottom-xl u-container-layout-3\">\n                <img decoding=\"async\" class=\"u-expanded-width u-image u-image-contain u-image-3\" src=\"https:\/\/2025.lycee-nelson-mandela.fr\/wp-content\/uploads\/2024\/11\/Logo_financement.png\" data-image-width=\"855\" data-image-height=\"180\">\n              <\/div>\n            <\/div>\n          <\/div>\n        <\/div>\n      <\/div>\n    <\/section>\n    \n    \n    \n    \n    \n  \n<\/div>","protected":false},"excerpt":{"rendered":"<p>&#x1f30d; ERASMUS au lyc\u00e9e Nelson Mandela : une ouverture sur le monde Depuis plusieurs ann\u00e9es, le lyc\u00e9e Nelson Mandela affirme sa volont\u00e9 de s\u2019ouvrir \u00e0 l\u2019international. Chaque ann\u00e9e, de nombreux \u00e9l\u00e8ves de terminale ont ainsi l\u2019opportunit\u00e9 d\u2019effectuer un stage \u00e0 l\u2019\u00e9tranger. Cette exp\u00e9rience leur permet de d\u00e9couvrir une nouvelle culture, d\u2019enrichir leurs comp\u00e9tences professionnelles et &#8230; <a title=\"ERASMUS\" class=\"read-more\" href=\"https:\/\/2025.lycee-nelson-mandela.fr\/?page_id=678\" aria-label=\"En savoir plus sur ERASMUS\">Lire la suite<\/a><\/p>\n","protected":false},"author":1,"featured_media":0,"parent":323,"menu_order":0,"comment_status":"closed","ping_status":"closed","template":"","meta":{"_uag_custom_page_level_css":"","footnotes":""},"class_list":["post-678","page","type-page","status-publish"],"uagb_featured_image_src":{"full":false,"thumbnail":false,"medium":false,"medium_large":false,"large":false,"1536x1536":false,"2048x2048":false},"uagb_author_info":{"display_name":"2025Ly_Admin","author_link":"https:\/\/2025.lycee-nelson-mandela.fr\/?author=1"},"uagb_comment_info":0,"uagb_excerpt":"&#x1f30d; ERASMUS au lyc\u00e9e Nelson Mandela : une ouverture sur le monde Depuis plusieurs ann\u00e9es, le lyc\u00e9e Nelson Mandela affirme sa volont\u00e9 de s\u2019ouvrir \u00e0 l\u2019international. Chaque ann\u00e9e, de nombreux \u00e9l\u00e8ves de terminale ont ainsi l\u2019opportunit\u00e9 d\u2019effectuer un stage \u00e0 l\u2019\u00e9tranger. Cette exp\u00e9rience leur permet de d\u00e9couvrir une nouvelle culture, d\u2019enrichir leurs comp\u00e9tences professionnelles et\u2026","jetpack_sharing_enabled":true,"_links":{"self":[{"href":"https:\/\/2025.lycee-nelson-mandela.fr\/index.php?rest_route=\/wp\/v2\/pages\/678","targetHints":{"allow":["GET"]}}],"collection":[{"href":"https:\/\/2025.lycee-nelson-mandela.fr\/index.php?rest_route=\/wp\/v2\/pages"}],"about":[{"href":"https:\/\/2025.lycee-nelson-mandela.fr\/index.php?rest_route=\/wp\/v2\/types\/page"}],"author":[{"embeddable":true,"href":"https:\/\/2025.lycee-nelson-mandela.fr\/index.php?rest_route=\/wp\/v2\/users\/1"}],"replies":[{"embeddable":true,"href":"https:\/\/2025.lycee-nelson-mandela.fr\/index.php?rest_route=%2Fwp%2Fv2%2Fcomments&post=678"}],"version-history":[{"count":18,"href":"https:\/\/2025.lycee-nelson-mandela.fr\/index.php?rest_route=\/wp\/v2\/pages\/678\/revisions"}],"predecessor-version":[{"id":2353,"href":"https:\/\/2025.lycee-nelson-mandela.fr\/index.php?rest_route=\/wp\/v2\/pages\/678\/revisions\/2353"}],"up":[{"embeddable":true,"href":"https:\/\/2025.lycee-nelson-mandela.fr\/index.php?rest_route=\/wp\/v2\/pages\/323"}],"wp:attachment":[{"href":"https:\/\/2025.lycee-nelson-mandela.fr\/index.php?rest_route=%2Fwp%2Fv2%2Fmedia&parent=678"}],"curies":[{"name":"wp","href":"https:\/\/api.w.org\/{rel}","templated":true}]}}